{"id":3649,"date":"2023-05-09T09:21:17","date_gmt":"2023-05-09T09:21:17","guid":{"rendered":"https:\/\/ecotic.es\/ea-el-nostre-proposit\/"},"modified":"2024-07-15T08:48:30","modified_gmt":"2024-07-15T08:48:30","slug":"ea-el-nostre-proposit","status":"publish","type":"page","link":"https:\/\/ecotic.es\/ca\/ea-el-nostre-proposit\/","title":{"rendered":"EA &#8211; El nostre prop\u00f2sit"},"content":{"rendered":"\t\t<div data-elementor-type=\"wp-page\" data-elementor-id=\"3649\" class=\"elementor elementor-3649 elementor-263\" data-elementor-post-type=\"page\">\n\t\t\t\t<div class=\"elementor-element elementor-element-5ac19b30 e-flex e-con-boxed e-con e-parent\" data-id=\"5ac19b30\" data-element_type=\"container\" data-e-type=\"container\" data-settings=\"{&quot;background_background&quot;:&quot;classic&quot;}\">\n\t\t\t\t\t<div class=\"e-con-inner\">\n\t\t<div class=\"elementor-element elementor-element-1ee925f9 e-flex e-con-boxed e-con e-child\" data-id=\"1ee925f9\" data-element_type=\"container\" data-e-type=\"container\">\n\t\t\t\t\t<div class=\"e-con-inner\">\n\t\t\t\t<div class=\"elementor-element elementor-element-681b17d1 elementor-widget elementor-widget-text-editor\" data-id=\"681b17d1\" data-element_type=\"widget\" data-e-type=\"widget\" data-widget_type=\"text-editor.default\">\n\t\t\t\t<div class=\"elementor-widget-container\">\n\t\t\t\t\t\t\t\t\t<p>ECOTIC Entidad Administradora<\/p>\n\t\t\t\t\t\t\t\t<\/div>\n\t\t\t\t<\/div>\n\t\t\t\t<div class=\"elementor-element elementor-element-4a0ba753 elementor-widget__width-initial elementor-widget elementor-widget-heading\" data-id=\"4a0ba753\" data-element_type=\"widget\" data-e-type=\"widget\" data-widget_type=\"heading.default\">\n\t\t\t\t<div class=\"elementor-widget-container\">\n\t\t\t\t\t<h1 class=\"elementor-heading-title elementor-size-default\">Compromesos amb l'economia circular<\/h1>\t\t\t\t<\/div>\n\t\t\t\t<\/div>\n\t\t\t\t\t<\/div>\n\t\t\t\t<\/div>\n\t\t\t\t\t<\/div>\n\t\t\t\t<\/div>\n\t\t<div class=\"elementor-element elementor-element-0e1a4af elementor-hidden-desktop elementor-hidden-tablet e-flex e-con-boxed e-con e-parent\" data-id=\"0e1a4af\" data-element_type=\"container\" data-e-type=\"container\" data-settings=\"{&quot;background_background&quot;:&quot;classic&quot;}\">\n\t\t\t\t\t<div class=\"e-con-inner\">\n\t\t\t\t<div class=\"elementor-element elementor-element-bb348d0 elementor-widget elementor-widget-image\" data-id=\"bb348d0\" data-element_type=\"widget\" data-e-type=\"widget\" data-widget_type=\"image.default\">\n\t\t\t\t<div class=\"elementor-widget-container\">\n\t\t\t\t\t\t\t\t\t\t\t\t\t\t\t<img fetchpriority=\"high\" decoding=\"async\" width=\"430\" height=\"320\" src=\"https:\/\/ecotic.es\/wp-content\/uploads\/2023\/05\/quienes_somos_cabezera_S-1.png\" class=\"attachment-full size-full wp-image-3658\" alt=\"\" srcset=\"https:\/\/ecotic.es\/wp-content\/uploads\/2023\/05\/quienes_somos_cabezera_S-1.png 430w, https:\/\/ecotic.es\/wp-content\/uploads\/2023\/05\/quienes_somos_cabezera_S-1-300x223.png 300w\" sizes=\"(max-width: 430px) 100vw, 430px\" \/>\t\t\t\t\t\t\t\t\t\t\t\t\t\t\t<\/div>\n\t\t\t\t<\/div>\n\t\t\t\t\t<\/div>\n\t\t\t\t<\/div>\n\t\t<div class=\"elementor-element elementor-element-c6ab95c e-flex e-con-boxed e-con e-parent\" data-id=\"c6ab95c\" data-element_type=\"container\" data-e-type=\"container\">\n\t\t\t\t\t<div class=\"e-con-inner\">\n\t\t\t\t<div class=\"elementor-element elementor-element-bbed17d elementor-widget elementor-widget-heading\" data-id=\"bbed17d\" data-element_type=\"widget\" data-e-type=\"widget\" data-widget_type=\"heading.default\">\n\t\t\t\t<div class=\"elementor-widget-container\">\n\t\t\t\t\t<h2 class=\"elementor-heading-title elementor-size-default\">El nostre prop\u00f2sit  <\/h2>\t\t\t\t<\/div>\n\t\t\t\t<\/div>\n\t\t<div class=\"elementor-element elementor-element-9a59494 e-flex e-con-boxed e-con e-child\" data-id=\"9a59494\" data-element_type=\"container\" data-e-type=\"container\">\n\t\t\t\t\t<div class=\"e-con-inner\">\n\t\t\t\t<div class=\"elementor-element elementor-element-ec10d77 elementor-widget elementor-widget-text-editor\" data-id=\"ec10d77\" data-element_type=\"widget\" data-e-type=\"widget\" data-widget_type=\"text-editor.default\">\n\t\t\t\t<div class=\"elementor-widget-container\">\n\t\t\t\t\t\t\t\t\t<p><strong>ECOTIC Entitat Administradora<\/strong> s&#8217;ha consolidat com una societat sense \u00e0nim de lucre que millorar\u00e0 la nostra efici\u00e8ncia. La seva creaci\u00f3 ens ha perm\u00e8s avan\u00e7ar i ampliar la nostra participaci\u00f3 a l&#8217;economia circular actuant en m\u00e9s sectors i generant m\u00e9s valor afegit per als nostres productors adherits i col\u00b7laboradors.<\/p>\n\t\t\t\t\t\t\t\t<\/div>\n\t\t\t\t<\/div>\n\t\t\t\t<div class=\"elementor-element elementor-element-9027169 elementor-widget elementor-widget-text-editor\" data-id=\"9027169\" data-element_type=\"widget\" data-e-type=\"widget\" data-widget_type=\"text-editor.default\">\n\t\t\t\t<div class=\"elementor-widget-container\">\n\t\t\t\t\t\t\t\t\t<p>La nostra gesti\u00f3 dels residus garanteix no nom\u00e9s el seu <strong>adequat tractament ambiental<\/strong>, sin\u00f3 que aquest es duu a terme de forma efica\u00e7 i econ\u00f2micament raonable, per tal d&#8217;assegurar que sigui sostenible i perdurable en el temps, i contribuir amb aix\u00f2 a l&#8217;<strong>impuls d&#8217;un<\/strong> <strong>model de economia circular<\/strong> .<\/p>\t\t\t\t\t\t\t\t<\/div>\n\t\t\t\t<\/div>\n\t\t\t\t\t<\/div>\n\t\t\t\t<\/div>\n\t\t\t\t\t<\/div>\n\t\t\t\t<\/div>\n\t\t<div class=\"elementor-element elementor-element-a7d8942 e-flex e-con-boxed e-con e-parent\" data-id=\"a7d8942\" data-element_type=\"container\" data-e-type=\"container\" data-settings=\"{&quot;background_background&quot;:&quot;classic&quot;}\">\n\t\t\t\t\t<div class=\"e-con-inner\">\n\t\t\t\t<div class=\"elementor-element elementor-element-a336653 elementor-widget elementor-widget-heading\" data-id=\"a336653\" data-element_type=\"widget\" data-e-type=\"widget\" data-widget_type=\"heading.default\">\n\t\t\t\t<div class=\"elementor-widget-container\">\n\t\t\t\t\t<h2 class=\"elementor-heading-title elementor-size-default\">Objectius i activitats<\/h2>\t\t\t\t<\/div>\n\t\t\t\t<\/div>\n\t\t\t\t<div class=\"elementor-element elementor-element-b66abaa elementor-tabs-view-vertical elementor-widget elementor-widget-tabs\" data-id=\"b66abaa\" data-element_type=\"widget\" data-e-type=\"widget\" data-widget_type=\"tabs.default\">\n\t\t\t\t<div class=\"elementor-widget-container\">\n\t\t\t\t\t\t\t<div class=\"elementor-tabs\">\n\t\t\t<div class=\"elementor-tabs-wrapper\" role=\"tablist\" >\n\t\t\t\t\t\t\t\t\t<div id=\"elementor-tab-title-1911\" class=\"elementor-tab-title elementor-tab-desktop-title\" aria-selected=\"true\" data-tab=\"1\" role=\"tab\" tabindex=\"0\" aria-controls=\"elementor-tab-content-1911\" aria-expanded=\"false\">Gesti\u00f3 de residus<\/div>\n\t\t\t\t\t\t\t\t\t<div id=\"elementor-tab-title-1912\" class=\"elementor-tab-title elementor-tab-desktop-title\" aria-selected=\"false\" data-tab=\"2\" role=\"tab\" tabindex=\"-1\" aria-controls=\"elementor-tab-content-1912\" aria-expanded=\"false\">Investigaci\u00f3 i formaci\u00f3<\/div>\n\t\t\t\t\t\t\t\t\t<div id=\"elementor-tab-title-1913\" class=\"elementor-tab-title elementor-tab-desktop-title\" aria-selected=\"false\" data-tab=\"3\" role=\"tab\" tabindex=\"-1\" aria-controls=\"elementor-tab-content-1913\" aria-expanded=\"false\">Divulgaci\u00f3 i sensibilitzaci\u00f3<\/div>\n\t\t\t\t\t\t\t<\/div>\n\t\t\t<div class=\"elementor-tabs-content-wrapper\" role=\"tablist\" aria-orientation=\"vertical\">\n\t\t\t\t\t\t\t\t\t<div class=\"elementor-tab-title elementor-tab-mobile-title\" aria-selected=\"true\" data-tab=\"1\" role=\"tab\" tabindex=\"0\" aria-controls=\"elementor-tab-content-1911\" aria-expanded=\"false\">Gesti\u00f3 de residus<\/div>\n\t\t\t\t\t<div id=\"elementor-tab-content-1911\" class=\"elementor-tab-content elementor-clearfix\" data-tab=\"1\" role=\"tabpanel\" aria-labelledby=\"elementor-tab-title-1911\" tabindex=\"0\" hidden=\"false\"><div class=\"tab-content-border\">\n<p><img decoding=\"async\" class=\"aligncenter wp-image-1557 size-full\" src=\"http:\/\/devel.ecotic.es\/wp-content\/uploads\/2023\/05\/gestion-residuos-1.jpg\" alt=\"\" width=\"537\" height=\"336\" srcset=\"https:\/\/ecotic.es\/wp-content\/uploads\/2023\/05\/gestion-residuos-1.jpg 537w, https:\/\/ecotic.es\/wp-content\/uploads\/2023\/05\/gestion-residuos-1-300x188.jpg 300w\" sizes=\"(max-width: 537px) 100vw, 537px\" \/><\/p>\n<ul>\n<li><span style=\"font-weight: 600;\">Gesti\u00f3 de sistemes de recollida.<\/span><\/li>\n<li><span style=\"font-weight: 600;\">Tractament i control de residus<\/span> d&#8217;aparells, equips i components electr\u00f2nics al final de la seva vida \u00fatil.<\/li>\n<li><span style=\"font-weight: 600;\">Optimitzaci\u00f3 dels recursos<\/span> destinats al reciclatge per part dels adherits.<\/li>\n<\/ul>\n<\/div>\n<p><style>\n.tab-content-borde{<br \/>border-bottom: 1px solid #000;}<br \/><\/style>\n<\/p><\/div>\n\t\t\t\t\t\t\t\t\t<div class=\"elementor-tab-title elementor-tab-mobile-title\" aria-selected=\"false\" data-tab=\"2\" role=\"tab\" tabindex=\"-1\" aria-controls=\"elementor-tab-content-1912\" aria-expanded=\"false\">Investigaci\u00f3 i formaci\u00f3<\/div>\n\t\t\t\t\t<div id=\"elementor-tab-content-1912\" class=\"elementor-tab-content elementor-clearfix\" data-tab=\"2\" role=\"tabpanel\" aria-labelledby=\"elementor-tab-title-1912\" tabindex=\"0\" hidden=\"hidden\"><p><img decoding=\"async\" class=\"aligncenter wp-image-1561 size-full\" src=\"http:\/\/devel.ecotic.es\/wp-content\/uploads\/2023\/05\/investigaciuon.jpg\" alt=\"\" width=\"537\" height=\"336\" srcset=\"https:\/\/ecotic.es\/wp-content\/uploads\/2023\/05\/investigaciuon.jpg 537w, https:\/\/ecotic.es\/wp-content\/uploads\/2023\/05\/investigaciuon-300x188.jpg 300w\" sizes=\"(max-width: 537px) 100vw, 537px\" \/><br \/>\n<\/p>\n<ul>\n<li>Realitzaci\u00f3 <span style=\"font-weight: 600;\">destudis i investigacions<\/span> tant a nivell nacional com internacional amb lobjectiu de contribuir al desenvolupament de les bones pr\u00e0ctiques.<\/li>\n<li><span style=\"font-weight: 600;\">Investigaci\u00f3 continuada<\/span> per a la millora dels sistemes de recuperaci\u00f3 i reciclatge.<\/li>\n<li>Realitzaci\u00f3 de<span style=\"font-weight: 600;\"> activitats de formaci\u00f3<\/sp<n> dirigides a fabricants, distribu\u00efdors i instal\u00b7ladors.<\/li>\n<\/ul>\n<\/div>\n\t\t\t\t\t\t\t\t\t<div class=\"elementor-tab-title elementor-tab-mobile-title\" aria-selected=\"false\" data-tab=\"3\" role=\"tab\" tabindex=\"-1\" aria-controls=\"elementor-tab-content-1913\" aria-expanded=\"false\">Divulgaci\u00f3 i sensibilitzaci\u00f3<\/div>\n\t\t\t\t\t<div id=\"elementor-tab-content-1913\" class=\"elementor-tab-content elementor-clearfix\" data-tab=\"3\" role=\"tabpanel\" aria-labelledby=\"elementor-tab-title-1913\" tabindex=\"0\" hidden=\"hidden\"><p><img loading=\"lazy\" decoding=\"async\" class=\"aligncenter wp-image-1559 size-full\" src=\"http:\/\/devel.ecotic.es\/wp-content\/uploads\/2023\/05\/Divulgacion.jpg\" alt=\"\" width=\"537\" height=\"336\" srcset=\"https:\/\/ecotic.es\/wp-content\/uploads\/2023\/05\/Divulgacion.jpg 537w, https:\/\/ecotic.es\/wp-content\/uploads\/2023\/05\/Divulgacion-300x188.jpg 300w\" sizes=\"(max-width: 537px) 100vw, 537px\" \/><\/p>\n<ul>\n<li><b>Impuls de campanyes d&#8217;informaci\u00f3 i sensibilitzaci\u00f3<\/b> orientades tant al conjunt de la societat com a col\u00b7lectius professionals.<\/li>\n<li><b>Foment del coneixement<\/b> sobre la gesti\u00f3 adequada dels RAEE.<\/li>\n<li><b>Impuls d\u201fun model d\u201feconomia circular m\u00e9s eficient<\/b> en l\u201f\u00fas dels recursos disponibles.<\/li>\n<\/ul>\n<\/div>\n\t\t\t\t\t\t\t<\/div>\n\t\t<\/div>\n\t\t\t\t\t\t<\/div>\n\t\t\t\t<\/div>\n\t\t\t\t\t<\/div>\n\t\t\t\t<\/div>\n\t\t<div class=\"elementor-element elementor-element-8a53beb elementor-hidden-desktop elementor-hidden-tablet elementor-hidden-mobile e-flex e-con-boxed e-con e-parent\" data-id=\"8a53beb\" data-element_type=\"container\" data-e-type=\"container\" data-settings=\"{&quot;background_background&quot;:&quot;classic&quot;}\">\n\t\t\t\t\t<div class=\"e-con-inner\">\n\t\t<div class=\"elementor-element elementor-element-a272213 e-con-full e-flex e-con e-child\" data-id=\"a272213\" data-element_type=\"container\" data-e-type=\"container\">\n\t\t\t\t<div class=\"elementor-element elementor-element-82a9915 elementor-widget elementor-widget-heading\" data-id=\"82a9915\" data-element_type=\"widget\" data-e-type=\"widget\" data-widget_type=\"heading.default\">\n\t\t\t\t<div class=\"elementor-widget-container\">\n\t\t\t\t\t<h2 class=\"elementor-heading-title elementor-size-default\">Responsabilitat Ampliada del Productor<\/h2>\t\t\t\t<\/div>\n\t\t\t\t<\/div>\n\t\t\t\t<div class=\"elementor-element elementor-element-e5d6e5e elementor-widget elementor-widget-text-editor\" data-id=\"e5d6e5e\" data-element_type=\"widget\" data-e-type=\"widget\" data-widget_type=\"text-editor.default\">\n\t\t\t\t<div class=\"elementor-widget-container\">\n\t\t\t\t\t\t\t\t\t<p>Descobreix tota la informaci\u00f3 sobre la <span style=\"font-weight:600;\">Responsabilitat Ampliada del Productor (SCRAP)<\/span> , la normativa i el seu impacte als RAEE. La SCRAP \u00e9s una pol\u00edtica ambiental que implica que els productors s\u00f3n responsables del cicle complet dels seus productes, des del seu disseny fins a la seva eliminaci\u00f3, incloent-hi la gesti\u00f3 de residus a trav\u00e9s de la recol\u00b7lecci\u00f3 i el reciclatge.<\/p>\n\t\t\t\t\t\t\t\t<\/div>\n\t\t\t\t<\/div>\n\t\t\t\t<div class=\"elementor-element elementor-element-6603d61 elementor-widget__width-inherit elementor-widget elementor-widget-shortcode\" data-id=\"6603d61\" data-element_type=\"widget\" data-e-type=\"widget\" data-widget_type=\"shortcode.default\">\n\t\t\t\t<div class=\"elementor-widget-container\">\n\t\t\t\t\t\n\t\n\t\t<style>\n\t\t.Verm\u00e1s-desktop {\n\t\t\t\n\t\t\t-webkit-touch-callout: none;\n\t\t\t-webkit-user-select: none;\n\t\t\t-khtml-user-select: none;\n\t\t\t-moz-user-select: none;\n\t\t\t-ms-user-select: none;\n\t\t\tuser-select: none;\n\n\t\t\tbackground: #385D15 !important;\n\t\t\tmax-width: 154px !important;\n\t\t\tmin-width: 180px !important;\n\n\t\t\tpadding: 22px 20px  !important;\n\t\t\tborder: 1px solid transparent !important;\n\t\t\tborder-radius: 90px !important;\n\t\t\tfont-size: 20px !important;\n\t\t\tline-height: 20px !important;\n\t\t\tfont-weight: 500 !important;\n\t\t\tfont-family: \"Source Sans Pro\", sans-serif;\n\t\t\ttext-decoration: none !important;\n\t\t\tcolor: #fff !important;\n\n\t\t\tdisplay: inline-block;\n\t\t\tvertical-align: middle;\n\t\t\toverflow: hidden;\n\t\t\ttext-align: center;\n\t\t\tcursor: pointer;\n\t\t\twhite-space: nowrap;\n\t\t}\n\t\t.Verm\u00e1s-desktop span{\n\t\t\ttext-align: center !important;\n\t\t\twidth: 100% !important; \n\t\t\tpadding: 0 !important; \n\t\t\tmargin: 0 !important;\t\t\t\n\t\t}\n\t\t.Verm\u00e1s-desktop:hover {\n\t\t\tbackground: #fff !important;\n\t\t\tborder: 1px solid #000 !important;\n\t\t\tcolor: #385D15 !important;\n\t\t}\n\t\t.Verm\u00e1s-mobile {\t\t\t\n\t\t\t-webkit-touch-callout: none;\n\t\t\t-webkit-user-select: none;\n\t\t\t-khtml-user-select: none;\n\t\t\t-moz-user-select: none;\n\t\t\t-ms-user-select: none;\n\t\t\tuser-select: none;\n\n\t\t\tbackground: #385D15 !important;\n\t\t\tmax-width: 100% !important;\n\t\t\tmin-width: 100% !important;\n\n\t\t\tpadding: 22px 20px  !important;\n\t\t\tborder: 1px solid transparent !important;\n\t\t\tborder-radius: 90px !important;\n\t\t\tfont-size: 0.9em !important;\n\t\t\tline-height: 0.9em !important;\n\t\t\tfont-family: \"Source Sans Pro\", sans-serif;\n\t\t\tfont-weight: 500 !important;\n\t\t\ttext-decoration: none !important;\n\t\t\tcolor: #fff !important;\n\n\t\t\tdisplay: inline-block;\n\t\t\tvertical-align: middle;\n\t\t\toverflow: hidden;\n\t\t\ttext-decoration: none;\n\t\t\ttext-align: center;\n\t\t\tcursor: pointer;\n\t\t\twhite-space: nowrap;\n\t\t}\n\t\t.Verm\u00e1s-mobile span {\n\t\t\ttext-align: center !important;\n\t\t\twidth: 100% !important; \n\t\t\tpadding: 0 !important; \n\t\t\tmargin: 0 !important;\t\t\t\n\t\t}\n\t\t<\/style>\n\t\t<a href=\"https:\/\/www.miteco.gob.es\/en\/calidad-y-evaluacion-ambiental\/temas\/prevencion-y-gestion-residuos\/flujos\/responsabilidad-ampliada\/\"  target=\"_blank\" class=\"hide-on-mobile Verm\u00e1s-desktop\">\n\t\t<span>\n\t\t\tVeure m\u00e9s\n\t\t\t<\/span>\n\t\t\t<\/a>\n\t\t<a href=\"https:\/\/www.miteco.gob.es\/en\/calidad-y-evaluacion-ambiental\/temas\/prevencion-y-gestion-residuos\/flujos\/responsabilidad-ampliada\/\" target=\"_blank\" class=\"hide-on-desktop Verm\u00e1s-mobile\">\n\t\t<span>\n\t\t\tVeure m\u00e9s\n\t\t\t<\/span>\n\t\t\n\t\t<\/a>\n\t\t\t<div class=\"elementor-shortcode\"><\/div>\n\t\t\t\t\t\t<\/div>\n\t\t\t\t<\/div>\n\t\t\t\t<\/div>\n\t\t\t\t\t<\/div>\n\t\t\t\t<\/div>\n\t\t<div class=\"elementor-element elementor-element-f2590ca e-con-full e-flex e-con e-parent\" data-id=\"f2590ca\" data-element_type=\"container\" data-e-type=\"container\" data-settings=\"{&quot;background_background&quot;:&quot;classic&quot;}\">\n\t\t<div class=\"elementor-element elementor-element-44165b7 e-con-full e-flex e-con e-child\" data-id=\"44165b7\" data-element_type=\"container\" data-e-type=\"container\">\n\t\t\t\t<div class=\"elementor-element elementor-element-0c32c97 elementor-widget elementor-widget-heading\" data-id=\"0c32c97\" data-element_type=\"widget\" data-e-type=\"widget\" data-widget_type=\"heading.default\">\n\t\t\t\t<div class=\"elementor-widget-container\">\n\t\t\t\t\t<h2 class=\"elementor-heading-title elementor-size-default\">Responsabilitat Ampliada del Productor<\/h2>\t\t\t\t<\/div>\n\t\t\t\t<\/div>\n\t\t\t\t<div class=\"elementor-element elementor-element-52d4e03 elementor-widget elementor-widget-text-editor\" data-id=\"52d4e03\" data-element_type=\"widget\" data-e-type=\"widget\" data-widget_type=\"text-editor.default\">\n\t\t\t\t<div class=\"elementor-widget-container\">\n\t\t\t\t\t\t\t\t\t<p>Descobreix tota la informaci\u00f3 sobre la <strong>Responsabilitat Ampliada del Productor (SCRAP)<\/strong>, la normativa i el seu impacte als RAEE, envasos, piles i acumuladors, pneum\u00e0tics fora d&#8217;\u00fas i olis usats. La SCRAP \u00e9s una pol\u00edtica ambiental que implica que els productors s\u00f3n responsables del cicle complet dels seus productes, des del seu disseny fins a la seva eliminaci\u00f3, incloent-hi la gesti\u00f3 de residus a trav\u00e9s de la recollida i el reciclatge.<\/p>\t\t\t\t\t\t\t\t<\/div>\n\t\t\t\t<\/div>\n\t\t<div class=\"elementor-element elementor-element-3f4bf72 e-flex e-con-boxed e-con e-child\" data-id=\"3f4bf72\" data-element_type=\"container\" data-e-type=\"container\">\n\t\t\t\t\t<div class=\"e-con-inner\">\n\t\t\t\t<div class=\"elementor-element elementor-element-4404403 elementor-widget__width-inherit elementor-widget elementor-widget-shortcode\" data-id=\"4404403\" data-element_type=\"widget\" data-e-type=\"widget\" data-widget_type=\"shortcode.default\">\n\t\t\t\t<div class=\"elementor-widget-container\">\n\t\t\t\t\t\n\t\n\t\t<style>\n\t\t.Veurem\u00e9s-desktop {\n\t\t\t\n\t\t\t-webkit-touch-callout: none;\n\t\t\t-webkit-user-select: none;\n\t\t\t-khtml-user-select: none;\n\t\t\t-moz-user-select: none;\n\t\t\t-ms-user-select: none;\n\t\t\tuser-select: none;\n\n\t\t\tbackground: #385D15 !important;\n\t\t\tmax-width: 154px !important;\n\t\t\tmin-width: 180px !important;\n\n\t\t\tpadding: 22px 20px  !important;\n\t\t\tborder: 1px solid transparent !important;\n\t\t\tborder-radius: 90px !important;\n\t\t\tfont-size: 20px !important;\n\t\t\tline-height: 20px !important;\n\t\t\tfont-weight: 500 !important;\n\t\t\tfont-family: \"Source Sans Pro\", sans-serif;\n\t\t\ttext-decoration: none !important;\n\t\t\tcolor: #fff !important;\n\n\t\t\tdisplay: inline-block;\n\t\t\tvertical-align: middle;\n\t\t\toverflow: hidden;\n\t\t\ttext-align: center;\n\t\t\tcursor: pointer;\n\t\t\twhite-space: nowrap;\n\t\t}\n\t\t.Veurem\u00e9s-desktop span{\n\t\t\ttext-align: center !important;\n\t\t\twidth: 100% !important; \n\t\t\tpadding: 0 !important; \n\t\t\tmargin: 0 !important;\t\t\t\n\t\t}\n\t\t.Veurem\u00e9s-desktop:hover {\n\t\t\tbackground: #fff !important;\n\t\t\tborder: 1px solid #000 !important;\n\t\t\tcolor: #385D15 !important;\n\t\t}\n\t\t.Veurem\u00e9s-mobile {\t\t\t\n\t\t\t-webkit-touch-callout: none;\n\t\t\t-webkit-user-select: none;\n\t\t\t-khtml-user-select: none;\n\t\t\t-moz-user-select: none;\n\t\t\t-ms-user-select: none;\n\t\t\tuser-select: none;\n\n\t\t\tbackground: #385D15 !important;\n\t\t\tmax-width: 100% !important;\n\t\t\tmin-width: 100% !important;\n\n\t\t\tpadding: 22px 20px  !important;\n\t\t\tborder: 1px solid transparent !important;\n\t\t\tborder-radius: 90px !important;\n\t\t\tfont-size: 0.9em !important;\n\t\t\tline-height: 0.9em !important;\n\t\t\tfont-family: \"Source Sans Pro\", sans-serif;\n\t\t\tfont-weight: 500 !important;\n\t\t\ttext-decoration: none !important;\n\t\t\tcolor: #fff !important;\n\n\t\t\tdisplay: inline-block;\n\t\t\tvertical-align: middle;\n\t\t\toverflow: hidden;\n\t\t\ttext-decoration: none;\n\t\t\ttext-align: center;\n\t\t\tcursor: pointer;\n\t\t\twhite-space: nowrap;\n\t\t}\n\t\t.Veurem\u00e9s-mobile span {\n\t\t\ttext-align: center !important;\n\t\t\twidth: 100% !important; \n\t\t\tpadding: 0 !important; \n\t\t\tmargin: 0 !important;\t\t\t\n\t\t}\n\t\t<\/style>\n\t\t<a href=\"https:\/\/www.miteco.gob.es\/ca\/calidad-y-evaluacion-ambiental\/temas\/prevencion-y-gestion-residuos\/flujos\/responsabilidad-ampliada.html\"  target=\"_blank\" class=\"hide-on-mobile Veurem\u00e9s-desktop\">\n\t\t<span>\n\t\t\tVeure m\u00e9s\n\t\t\t<\/span>\n\t\t\t<\/a>\n\t\t<a href=\"https:\/\/www.miteco.gob.es\/ca\/calidad-y-evaluacion-ambiental\/temas\/prevencion-y-gestion-residuos\/flujos\/responsabilidad-ampliada.html\" target=\"_blank\" class=\"hide-on-desktop Veurem\u00e9s-mobile\">\n\t\t<span>\n\t\t\tVeure m\u00e9s\n\t\t\t<\/span>\n\t\t\n\t\t<\/a>\n\t\t\t<div class=\"elementor-shortcode\"><\/div>\n\t\t\t\t\t\t<\/div>\n\t\t\t\t<\/div>\n\t\t\t\t\t<\/div>\n\t\t\t\t<\/div>\n\t\t\t\t<\/div>\n\t\t<div class=\"elementor-element elementor-element-e3fd55a e-con-full e-flex e-con e-child\" data-id=\"e3fd55a\" data-element_type=\"container\" data-e-type=\"container\" data-settings=\"{&quot;background_background&quot;:&quot;classic&quot;}\">\n\t\t\t\t<div class=\"elementor-element elementor-element-6e425cb elementor-hidden-desktop elementor-hidden-tablet elementor-widget elementor-widget-image\" data-id=\"6e425cb\" data-element_type=\"widget\" data-e-type=\"widget\" data-widget_type=\"image.default\">\n\t\t\t\t<div class=\"elementor-widget-container\">\n\t\t\t\t\t\t\t\t\t\t\t\t\t\t\t<img loading=\"lazy\" decoding=\"async\" width=\"800\" height=\"554\" src=\"https:\/\/ecotic.es\/wp-content\/uploads\/2023\/06\/2_ECOTIC_quienes_somos-1030x713.jpg\" class=\"attachment-large size-large wp-image-3660\" alt=\"\" srcset=\"https:\/\/ecotic.es\/wp-content\/uploads\/2023\/06\/2_ECOTIC_quienes_somos-1030x713.jpg 1030w, https:\/\/ecotic.es\/wp-content\/uploads\/2023\/06\/2_ECOTIC_quienes_somos-300x208.jpg 300w, https:\/\/ecotic.es\/wp-content\/uploads\/2023\/06\/2_ECOTIC_quienes_somos-768x532.jpg 768w, https:\/\/ecotic.es\/wp-content\/uploads\/2023\/06\/2_ECOTIC_quienes_somos-1536x1063.jpg 1536w, https:\/\/ecotic.es\/wp-content\/uploads\/2023\/06\/2_ECOTIC_quienes_somos.jpg 1950w\" sizes=\"(max-width: 800px) 100vw, 800px\" \/>\t\t\t\t\t\t\t\t\t\t\t\t\t\t\t<\/div>\n\t\t\t\t<\/div>\n\t\t\t\t<\/div>\n\t\t\t\t<\/div>\n\t\t<div class=\"elementor-element elementor-element-409659e elementor-hidden-desktop elementor-hidden-tablet elementor-hidden-mobile e-flex e-con-boxed e-con e-parent\" data-id=\"409659e\" data-element_type=\"container\" data-e-type=\"container\">\n\t\t\t\t\t<div class=\"e-con-inner\">\n\t\t\t\t<div class=\"elementor-element elementor-element-6bfbc16 elementor-widget elementor-widget-image\" data-id=\"6bfbc16\" data-element_type=\"widget\" data-e-type=\"widget\" data-widget_type=\"image.default\">\n\t\t\t\t<div class=\"elementor-widget-container\">\n\t\t\t\t\t\t\t\t\t\t\t\t\t\t\t<img loading=\"lazy\" decoding=\"async\" width=\"430\" height=\"330\" src=\"https:\/\/ecotic.es\/wp-content\/uploads\/2023\/05\/modulo_1_S.jpg\" class=\"attachment-large size-large wp-image-3654\" alt=\"\" srcset=\"https:\/\/ecotic.es\/wp-content\/uploads\/2023\/05\/modulo_1_S.jpg 430w, https:\/\/ecotic.es\/wp-content\/uploads\/2023\/05\/modulo_1_S-300x230.jpg 300w\" sizes=\"(max-width: 430px) 100vw, 430px\" \/>\t\t\t\t\t\t\t\t\t\t\t\t\t\t\t<\/div>\n\t\t\t\t<\/div>\n\t\t\t\t\t<\/div>\n\t\t\t\t<\/div>\n\t\t\t\t<\/div>\n\t\t","protected":false},"excerpt":{"rendered":"<p>ECOTIC Entidad Administradora Compromesos amb l&#8217;economia circular El nostre prop\u00f2sit ECOTIC Entitat Administradora s&#8217;ha consolidat com una societat sense \u00e0nim de lucre que millorar\u00e0 la nostra efici\u00e8ncia. La seva creaci\u00f3 ens ha perm\u00e8s avan\u00e7ar i ampliar la nostra participaci\u00f3 a l&#8217;economia circular actuant en m\u00e9s sectors i generant m\u00e9s valor afegit per als nostres productors [&hellip;]<\/p>\n","protected":false},"author":2,"featured_media":0,"parent":0,"menu_order":0,"comment_status":"closed","ping_status":"closed","template":"","meta":{"footnotes":""},"class_list":["post-3649","page","type-page","status-publish","hentry"],"yoast_head":"<!-- This site is optimized with the Yoast SEO plugin v27.4 - https:\/\/yoast.com\/product\/yoast-seo-wordpress\/ -->\n<title>EA - El nostre prop\u00f2sit - Ecotic Entidad administradora<\/title>\n<meta name=\"robots\" content=\"index, follow, max-snippet:-1, max-image-preview:large, max-video-preview:-1\" \/>\n<link rel=\"canonical\" href=\"https:\/\/ecotic.es\/ca\/ea-el-nostre-proposit\/\" \/>\n<meta property=\"og:locale\" content=\"ca_ES\" \/>\n<meta property=\"og:type\" content=\"article\" \/>\n<meta property=\"og:title\" content=\"EA - El nostre prop\u00f2sit - Ecotic Entidad administradora\" \/>\n<meta property=\"og:description\" content=\"ECOTIC Entidad Administradora Compromesos amb l&#8217;economia circular El nostre prop\u00f2sit ECOTIC Entitat Administradora s&#8217;ha consolidat com una societat sense \u00e0nim de lucre que millorar\u00e0 la nostra efici\u00e8ncia. La seva creaci\u00f3 ens ha perm\u00e8s avan\u00e7ar i ampliar la nostra participaci\u00f3 a l&#8217;economia circular actuant en m\u00e9s sectors i generant m\u00e9s valor afegit per als nostres productors [&hellip;]\" \/>\n<meta property=\"og:url\" content=\"https:\/\/ecotic.es\/ca\/ea-el-nostre-proposit\/\" \/>\n<meta property=\"og:site_name\" content=\"Ecotic Entidad administradora\" \/>\n<meta property=\"article:modified_time\" content=\"2024-07-15T08:48:30+00:00\" \/>\n<meta property=\"og:image\" content=\"https:\/\/ecotic.es\/wp-content\/uploads\/2023\/05\/quienes_somos_cabezera_S-1.png\" \/>\n<meta name=\"twitter:card\" content=\"summary_large_image\" \/>\n<meta name=\"twitter:label1\" content=\"Temps estimat de lectura\" \/>\n\t<meta name=\"twitter:data1\" content=\"4 minuts\" \/>\n<script type=\"application\/ld+json\" class=\"yoast-schema-graph\">{\"@context\":\"https:\\\/\\\/schema.org\",\"@graph\":[{\"@type\":\"WebPage\",\"@id\":\"https:\\\/\\\/ecotic.es\\\/ca\\\/ea-el-nostre-proposit\\\/\",\"url\":\"https:\\\/\\\/ecotic.es\\\/ca\\\/ea-el-nostre-proposit\\\/\",\"name\":\"EA - El nostre prop\u00f2sit - Ecotic Entidad administradora\",\"isPartOf\":{\"@id\":\"https:\\\/\\\/ecotic.es\\\/ca\\\/#website\"},\"primaryImageOfPage\":{\"@id\":\"https:\\\/\\\/ecotic.es\\\/ca\\\/ea-el-nostre-proposit\\\/#primaryimage\"},\"image\":{\"@id\":\"https:\\\/\\\/ecotic.es\\\/ca\\\/ea-el-nostre-proposit\\\/#primaryimage\"},\"thumbnailUrl\":\"https:\\\/\\\/ecotic.es\\\/wp-content\\\/uploads\\\/2023\\\/05\\\/quienes_somos_cabezera_S-1.png\",\"datePublished\":\"2023-05-09T09:21:17+00:00\",\"dateModified\":\"2024-07-15T08:48:30+00:00\",\"breadcrumb\":{\"@id\":\"https:\\\/\\\/ecotic.es\\\/ca\\\/ea-el-nostre-proposit\\\/#breadcrumb\"},\"inLanguage\":\"ca\",\"potentialAction\":[{\"@type\":\"ReadAction\",\"target\":[\"https:\\\/\\\/ecotic.es\\\/ca\\\/ea-el-nostre-proposit\\\/\"]}]},{\"@type\":\"ImageObject\",\"inLanguage\":\"ca\",\"@id\":\"https:\\\/\\\/ecotic.es\\\/ca\\\/ea-el-nostre-proposit\\\/#primaryimage\",\"url\":\"https:\\\/\\\/ecotic.es\\\/wp-content\\\/uploads\\\/2023\\\/05\\\/quienes_somos_cabezera_S-1.png\",\"contentUrl\":\"https:\\\/\\\/ecotic.es\\\/wp-content\\\/uploads\\\/2023\\\/05\\\/quienes_somos_cabezera_S-1.png\"},{\"@type\":\"BreadcrumbList\",\"@id\":\"https:\\\/\\\/ecotic.es\\\/ca\\\/ea-el-nostre-proposit\\\/#breadcrumb\",\"itemListElement\":[{\"@type\":\"ListItem\",\"position\":1,\"name\":\"Portada\",\"item\":\"https:\\\/\\\/ecotic.es\\\/ca\\\/\"},{\"@type\":\"ListItem\",\"position\":2,\"name\":\"EA &#8211; El nostre prop\u00f2sit\"}]},{\"@type\":\"WebSite\",\"@id\":\"https:\\\/\\\/ecotic.es\\\/ca\\\/#website\",\"url\":\"https:\\\/\\\/ecotic.es\\\/ca\\\/\",\"name\":\"Ecotic Entidad administradora\",\"description\":\"Ecotic EA\",\"publisher\":{\"@id\":\"https:\\\/\\\/ecotic.es\\\/ca\\\/#organization\"},\"potentialAction\":[{\"@type\":\"SearchAction\",\"target\":{\"@type\":\"EntryPoint\",\"urlTemplate\":\"https:\\\/\\\/ecotic.es\\\/ca\\\/?s={search_term_string}\"},\"query-input\":{\"@type\":\"PropertyValueSpecification\",\"valueRequired\":true,\"valueName\":\"search_term_string\"}}],\"inLanguage\":\"ca\"},{\"@type\":\"Organization\",\"@id\":\"https:\\\/\\\/ecotic.es\\\/ca\\\/#organization\",\"name\":\"Ecotic Entidad administradora\",\"url\":\"https:\\\/\\\/ecotic.es\\\/ca\\\/\",\"logo\":{\"@type\":\"ImageObject\",\"inLanguage\":\"ca\",\"@id\":\"https:\\\/\\\/ecotic.es\\\/ca\\\/#\\\/schema\\\/logo\\\/image\\\/\",\"url\":\"https:\\\/\\\/ecotic.es\\\/wp-content\\\/uploads\\\/2025\\\/03\\\/Ecotic_20-Aniversario.svg\",\"contentUrl\":\"https:\\\/\\\/ecotic.es\\\/wp-content\\\/uploads\\\/2025\\\/03\\\/Ecotic_20-Aniversario.svg\",\"caption\":\"Ecotic Entidad administradora\"},\"image\":{\"@id\":\"https:\\\/\\\/ecotic.es\\\/ca\\\/#\\\/schema\\\/logo\\\/image\\\/\"}}]}<\/script>\n<!-- \/ Yoast SEO plugin. -->","yoast_head_json":{"title":"EA - El nostre prop\u00f2sit - Ecotic Entidad administradora","robots":{"index":"index","follow":"follow","max-snippet":"max-snippet:-1","max-image-preview":"max-image-preview:large","max-video-preview":"max-video-preview:-1"},"canonical":"https:\/\/ecotic.es\/ca\/ea-el-nostre-proposit\/","og_locale":"ca_ES","og_type":"article","og_title":"EA - El nostre prop\u00f2sit - Ecotic Entidad administradora","og_description":"ECOTIC Entidad Administradora Compromesos amb l&#8217;economia circular El nostre prop\u00f2sit ECOTIC Entitat Administradora s&#8217;ha consolidat com una societat sense \u00e0nim de lucre que millorar\u00e0 la nostra efici\u00e8ncia. La seva creaci\u00f3 ens ha perm\u00e8s avan\u00e7ar i ampliar la nostra participaci\u00f3 a l&#8217;economia circular actuant en m\u00e9s sectors i generant m\u00e9s valor afegit per als nostres productors [&hellip;]","og_url":"https:\/\/ecotic.es\/ca\/ea-el-nostre-proposit\/","og_site_name":"Ecotic Entidad administradora","article_modified_time":"2024-07-15T08:48:30+00:00","og_image":[{"url":"https:\/\/ecotic.es\/wp-content\/uploads\/2023\/05\/quienes_somos_cabezera_S-1.png","type":"","width":"","height":""}],"twitter_card":"summary_large_image","twitter_misc":{"Temps estimat de lectura":"4 minuts"},"schema":{"@context":"https:\/\/schema.org","@graph":[{"@type":"WebPage","@id":"https:\/\/ecotic.es\/ca\/ea-el-nostre-proposit\/","url":"https:\/\/ecotic.es\/ca\/ea-el-nostre-proposit\/","name":"EA - El nostre prop\u00f2sit - Ecotic Entidad administradora","isPartOf":{"@id":"https:\/\/ecotic.es\/ca\/#website"},"primaryImageOfPage":{"@id":"https:\/\/ecotic.es\/ca\/ea-el-nostre-proposit\/#primaryimage"},"image":{"@id":"https:\/\/ecotic.es\/ca\/ea-el-nostre-proposit\/#primaryimage"},"thumbnailUrl":"https:\/\/ecotic.es\/wp-content\/uploads\/2023\/05\/quienes_somos_cabezera_S-1.png","datePublished":"2023-05-09T09:21:17+00:00","dateModified":"2024-07-15T08:48:30+00:00","breadcrumb":{"@id":"https:\/\/ecotic.es\/ca\/ea-el-nostre-proposit\/#breadcrumb"},"inLanguage":"ca","potentialAction":[{"@type":"ReadAction","target":["https:\/\/ecotic.es\/ca\/ea-el-nostre-proposit\/"]}]},{"@type":"ImageObject","inLanguage":"ca","@id":"https:\/\/ecotic.es\/ca\/ea-el-nostre-proposit\/#primaryimage","url":"https:\/\/ecotic.es\/wp-content\/uploads\/2023\/05\/quienes_somos_cabezera_S-1.png","contentUrl":"https:\/\/ecotic.es\/wp-content\/uploads\/2023\/05\/quienes_somos_cabezera_S-1.png"},{"@type":"BreadcrumbList","@id":"https:\/\/ecotic.es\/ca\/ea-el-nostre-proposit\/#breadcrumb","itemListElement":[{"@type":"ListItem","position":1,"name":"Portada","item":"https:\/\/ecotic.es\/ca\/"},{"@type":"ListItem","position":2,"name":"EA &#8211; El nostre prop\u00f2sit"}]},{"@type":"WebSite","@id":"https:\/\/ecotic.es\/ca\/#website","url":"https:\/\/ecotic.es\/ca\/","name":"Ecotic Entidad administradora","description":"Ecotic EA","publisher":{"@id":"https:\/\/ecotic.es\/ca\/#organization"},"potentialAction":[{"@type":"SearchAction","target":{"@type":"EntryPoint","urlTemplate":"https:\/\/ecotic.es\/ca\/?s={search_term_string}"},"query-input":{"@type":"PropertyValueSpecification","valueRequired":true,"valueName":"search_term_string"}}],"inLanguage":"ca"},{"@type":"Organization","@id":"https:\/\/ecotic.es\/ca\/#organization","name":"Ecotic Entidad administradora","url":"https:\/\/ecotic.es\/ca\/","logo":{"@type":"ImageObject","inLanguage":"ca","@id":"https:\/\/ecotic.es\/ca\/#\/schema\/logo\/image\/","url":"https:\/\/ecotic.es\/wp-content\/uploads\/2025\/03\/Ecotic_20-Aniversario.svg","contentUrl":"https:\/\/ecotic.es\/wp-content\/uploads\/2025\/03\/Ecotic_20-Aniversario.svg","caption":"Ecotic Entidad administradora"},"image":{"@id":"https:\/\/ecotic.es\/ca\/#\/schema\/logo\/image\/"}}]}},"_links":{"self":[{"href":"https:\/\/ecotic.es\/ca\/wp-json\/wp\/v2\/pages\/3649","targetHints":{"allow":["GET"]}}],"collection":[{"href":"https:\/\/ecotic.es\/ca\/wp-json\/wp\/v2\/pages"}],"about":[{"href":"https:\/\/ecotic.es\/ca\/wp-json\/wp\/v2\/types\/page"}],"author":[{"embeddable":true,"href":"https:\/\/ecotic.es\/ca\/wp-json\/wp\/v2\/users\/2"}],"replies":[{"embeddable":true,"href":"https:\/\/ecotic.es\/ca\/wp-json\/wp\/v2\/comments?post=3649"}],"version-history":[{"count":16,"href":"https:\/\/ecotic.es\/ca\/wp-json\/wp\/v2\/pages\/3649\/revisions"}],"predecessor-version":[{"id":4751,"href":"https:\/\/ecotic.es\/ca\/wp-json\/wp\/v2\/pages\/3649\/revisions\/4751"}],"wp:attachment":[{"href":"https:\/\/ecotic.es\/ca\/wp-json\/wp\/v2\/media?parent=3649"}],"curies":[{"name":"wp","href":"https:\/\/api.w.org\/{rel}","templated":true}]}}